[{"command":"settings","settings":{"basePath":"\/","pathPrefix":"es\/","ajaxPageState":{"theme":"andes","theme_token":"Jx_BvJ9PaVWvJrxQeS7nhEpEvb1l3v_3Pov_N50iFIE"},"googleCSE":{"cx":"e503403d45637cdd0","language":"","resultsWidth":600,"domain":"www.google.com","showWaterMark":0},"CToolsModal":{"modalSize":{"type":"scale","width":".9","height":".9","addWidth":0,"addHeight":0,"contentRight":25,"contentBottom":75},"modalOptions":{"opacity":".55","background-color":"#FFF"},"animationSpeed":"fast","modalTheme":"CToolsModalDialog","throbberTheme":"CToolsModalThrobber"},"panopoly_magic":{"pane_add_preview_mode":"single"},"bootstrap":{"anchorsFix":"0","anchorsSmoothScrolling":"0","formHasError":1,"popoverEnabled":1,"popoverOptions":{"animation":1,"html":0,"placement":"right","selector":"","trigger":"click","triggerAutoclose":1,"title":"","content":"","delay":0,"container":"body"},"tooltipEnabled":1,"tooltipOptions":{"animation":1,"html":0,"placement":"auto left","selector":"","trigger":"hover focus","delay":0,"container":"body"}}},"merge":true},{"command":"insert","method":"replaceWith","selector":"section.content","data":"\u003Csection id=\u0027sesiones-finalizadas\u0027class=\u0027content\u0027\u003E\u003Ch1 id=\u0027node-9901\u0027 class=\u0027content-item\u0027\u003ESesiones Finalizadas\u003C\/h1\u003E\u003Ctable border=\u00220\u0022 cellpadding=\u00221\u0022 cellspacing=\u00221\u0022 style=\u0022width:100%;margin:0;\u0022\u003E\r\n\t\u003Ctbody\u003E\r\n\t\t\u003Ctr\u003E\r\n\t\t\t\u003Ctd style=\u0022width: 731px;\u0022\u003E\u003Cimg alt=\u0022\u0022 height=\u0022315\u0022 src=\u0022\/sites\/default\/files\/diana_agudelo.png\u0022 style=\u0022float:left\u0022 width=\u0022315\u0022 \/\u003E\u003C\/td\u003E\r\n\t\t\t\u003Ctd style=\u0022width: 1704px; padding: 10px;\u0022\u003E\r\n\t\t\t\u003Ch3 class=\u0022rtejustify\u0022\u003E\u003Cstrong\u003ERetos de Vivir con Urgencia: \u003C\/strong\u003EDiana Mar\u00eda Agudelo V\u00e9lez\u003C\/h3\u003E\r\n\r\n\t\t\t\u003Cp class=\u0022rtejustify\u0022\u003EDecana de Estudiantes Uniandes\u003C\/p\u003E\r\n\r\n\t\t\t\u003Cp class=\u0022rtejustify\u0022\u003E\u0026nbsp;\u003C\/p\u003E\r\n\r\n\t\t\t\u003Cp class=\u0022rtejustify\u0022\u003E\u003Cem\u003E\u003Cstrong\u003ERetos de vivir con urgencia: c\u00f3mo resistir a la tarea de apagar los incendios\u003C\/strong\u003E\u003C\/em\u003E\u003C\/p\u003E\r\n\r\n\t\t\t\u003Cp class=\u0022rtejustify\u0022\u003E\u003Cstrong\u003EFechas disponibles para conversar\u003C\/strong\u003E:\u0026nbsp;\u003C\/p\u003E\r\n\r\n\t\t\t\u003Cul\u003E\r\n\t\t\t\t\u003Cli class=\u0022rtejustify\u0022\u003E27-10-2025\u0026nbsp;de 3:00\u0026nbsp;pm. a 4:00 pm.\u003C\/li\u003E\r\n\t\t\t\t\u003Cli class=\u0022rtejustify\u0022\u003E28-10-2025\u0026nbsp;de 4:00 pm. a 5:00 pm.\u003C\/li\u003E\r\n\t\t\t\t\u003Cli class=\u0022rtejustify\u0022\u003E29-10-2025\u0026nbsp;de 2:00\u0026nbsp;pm. a 3:00 pm.\u003C\/li\u003E\r\n\t\t\t\u003C\/ul\u003E\r\n\r\n\t\t\t\u003Cp class=\u0022rtejustify\u0022\u003E\u003Cstrong\u003EUbicaci\u00f3n:\u003C\/strong\u003E Biblioteca General Ram\u00f3n de Zubir\u00eda -\u0026nbsp;piso 4 -\u0026nbsp;sala 454\u003C\/p\u003E\r\n\r\n\t\t\t\u003Cp class=\u0022rtejustify\u0022\u003E\u003Cspan style=\u0022color:#FFFFFF;\u0022\u003E\u003Cstrong\u003E\u003Cspan style=\u0022background-color:#FF8C00;\u0022\u003E\u0026nbsp; Finalizado\u0026nbsp;\u0026nbsp;\u003C\/span\u003E\u003C\/strong\u003E\u003C\/span\u003E\u003C\/p\u003E\r\n\t\t\t\u003C\/td\u003E\r\n\t\t\u003C\/tr\u003E\r\n\t\u003C\/tbody\u003E\r\n\u003C\/table\u003E\r\n\r\n\u003Ctable border=\u00220\u0022 cellpadding=\u00221\u0022 cellspacing=\u00221\u0022 style=\u0022width:100%;margin:0;\u0022\u003E\r\n\t\u003Ctbody\u003E\r\n\t\t\u003Ctr\u003E\r\n\t\t\t\u003Ctd style=\u0022width: 731px;\u0022\u003E\u003Cimg alt=\u0022\u0022 height=\u0022315\u0022 src=\u0022\/sites\/default\/files\/martha.png\u0022 style=\u0022float:left\u0022 width=\u0022315\u0022 \/\u003E\u003C\/td\u003E\r\n\t\t\t\u003Ctd style=\u0022width: 1704px; padding: 10px;\u0022\u003E\r\n\t\t\t\u003Ch3 class=\u0022rtejustify\u0022\u003E\u003Cstrong\u003EB\u00fasqueda de Empleo y Pr\u00f3posito de Vida: \u003C\/strong\u003EMartha Leguizamon\u003C\/h3\u003E\r\n\r\n\t\t\t\u003Cp class=\u0022rtejustify\u0022\u003EPsic\u00f3loga con m\u00e1s de 10 a\u00f1os de experiencia en orientaci\u00f3n laboral, empleabilidad y prop\u00f3sito de vida. Lidera charlas corporativas y alianzas con empresas.\u003C\/p\u003E\r\n\r\n\t\t\t\u003Cp class=\u0022rtejustify\u0022\u003E\u0026nbsp;\u003C\/p\u003E\r\n\r\n\t\t\t\u003Cp class=\u0022rtejustify\u0022\u003E\u003Cstrong\u003E\u003Cem\u003EClaves para alinear tu b\u00fasqueda de empleo con tu prop\u00f3sito de vida: hoja de vida, entrevistas y actitud para alcanzar tus metas\u003C\/em\u003E\u003C\/strong\u003E\u003C\/p\u003E\r\n\r\n\t\t\t\u003Cp class=\u0022rtejustify\u0022\u003E\u003Cstrong\u003EFechas disponibles para conversar\u003C\/strong\u003E:\u0026nbsp;\u0026nbsp;\u003C\/p\u003E\r\n\r\n\t\t\t\u003Cul\u003E\r\n\t\t\t\t\u003Cli class=\u0022rtejustify\u0022\u003E29-10-2025\u0026nbsp;de 1:00\u0026nbsp;pm. a 2:00 pm.\u003C\/li\u003E\r\n\t\t\t\t\u003Cli class=\u0022rtejustify\u0022\u003E29-10-2025\u0026nbsp;de 2:00\u0026nbsp;pm. a 3:00 pm.\u003C\/li\u003E\r\n\t\t\t\t\u003Cli class=\u0022rtejustify\u0022\u003E29-10-2025\u0026nbsp;de 3:00\u0026nbsp;pm. a 4:00 pm.\u003C\/li\u003E\r\n\t\t\t\u003C\/ul\u003E\r\n\r\n\t\t\t\u003Cp class=\u0022rtejustify\u0022\u003E\u003Cstrong\u003EUbicaci\u00f3n:\u003C\/strong\u003E Biblioteca General Ram\u00f3n de Zubir\u00eda -\u0026nbsp;piso 4 -\u0026nbsp;sala 453\u003C\/p\u003E\r\n\r\n\t\t\t\u003Cp class=\u0022rtejustify\u0022\u003E\u003Cstrong\u003E\u003Cspan style=\u0022color:#FFFFFF;\u0022\u003E\u003Cspan style=\u0022background-color:#FF8C00;\u0022\u003E\u0026nbsp; Finalizado\u0026nbsp;\u0026nbsp;\u003C\/span\u003E\u003C\/span\u003E\u003C\/strong\u003E\u003C\/p\u003E\r\n\t\t\t\u003C\/td\u003E\r\n\t\t\u003C\/tr\u003E\r\n\t\u003C\/tbody\u003E\r\n\u003C\/table\u003E\r\n\r\n\u003Ctable border=\u00220\u0022 cellpadding=\u00221\u0022 cellspacing=\u00221\u0022 style=\u0022width:100%;margin:0;\u0022\u003E\r\n\t\u003Ctbody\u003E\r\n\t\t\u003Ctr\u003E\r\n\t\t\t\u003Ctd style=\u0022width: 731px;\u0022\u003E\u003Cimg alt=\u0022\u0022 height=\u0022315\u0022 src=\u0022\/sites\/default\/files\/karina.png\u0022 style=\u0022float:left\u0022 width=\u0022315\u0022 \/\u003E\u003C\/td\u003E\r\n\t\t\t\u003Ctd style=\u0022width: 1704px; padding: 10px;\u0022\u003E\r\n\t\t\t\u003Ch3\u003E\u003Cstrong\u003ELiderazgo Conscient: \u003C\/strong\u003EKarina Ricaurte\u003C\/h3\u003E\r\n\r\n\t\t\t\u003Cp\u003EKarina lidera programas y servicios que fortalecen el bienestar y la experiencia de los empleados, impulsando un liderazgo transformador en la Universidad.\u003C\/p\u003E\r\n\r\n\t\t\t\u003Cp\u003E\u0026nbsp;\u003C\/p\u003E\r\n\r\n\t\t\t\u003Cp\u003E\u003Cem\u003E\u003Cstrong\u003ELiderazgo consciente para tiempos de transformaci\u00f3n: conversaciones valientes, decisiones dif\u00edciles y bienestar para la productividad.\u003C\/strong\u003E\u003C\/em\u003E\u003C\/p\u003E\r\n\r\n\t\t\t\u003Cp\u003E\u003Cstrong\u003EFechas disponibles para conversar\u003C\/strong\u003E:\u0026nbsp;\u0026nbsp;\u003C\/p\u003E\r\n\r\n\t\t\t\u003Cul\u003E\r\n\t\t\t\t\u003Cli\u003E27-10-2025\u0026nbsp;de 3:00 pm. a 4:00 pm.\u003C\/li\u003E\r\n\t\t\t\t\u003Cli\u003E28-10-2025\u0026nbsp;de 3:00 pm. a 4:00 pm.\u003C\/li\u003E\r\n\t\t\t\t\u003Cli\u003E29-10-2025\u0026nbsp;de 8:30 am. a 9:30 am.\u003C\/li\u003E\r\n\t\t\t\t\u003Cli\u003E30-10-2025\u0026nbsp;de 10:00 am. a 11:00 am.\u003C\/li\u003E\r\n\t\t\t\u003C\/ul\u003E\r\n\r\n\t\t\t\u003Cp\u003E\u003Cstrong\u003EUbicaci\u00f3n:\u003C\/strong\u003E Biblioteca General Ram\u00f3n de Zubir\u00eda -\u0026nbsp;piso 4 -\u0026nbsp;sala 452\u003C\/p\u003E\r\n\r\n\t\t\t\u003Cp class=\u0022rtejustify\u0022\u003E\u003Cstrong\u003E\u003Cspan style=\u0022color:#FFFFFF;\u0022\u003E\u003Cspan style=\u0022background-color:#FF8C00;\u0022\u003E\u0026nbsp; Finalizado\u0026nbsp;\u0026nbsp;\u003C\/span\u003E\u003C\/span\u003E\u003C\/strong\u003E\u003C\/p\u003E\r\n\t\t\t\u003C\/td\u003E\r\n\t\t\u003C\/tr\u003E\r\n\t\u003C\/tbody\u003E\r\n\u003C\/table\u003E\r\n\r\n\u003Ctable border=\u00220\u0022 cellpadding=\u00221\u0022 cellspacing=\u00221\u0022 style=\u0022width:100%;margin:0;\u0022\u003E\r\n\t\u003Ctbody\u003E\r\n\t\t\u003Ctr\u003E\r\n\t\t\t\u003Ctd style=\u0022width: 731px;\u0022\u003E\u003Cimg alt=\u0022\u0022 height=\u0022315\u0022 src=\u0022\/sites\/default\/files\/helen.png\u0022 style=\u0022float:left\u0022 width=\u0022315\u0022 \/\u003E\u003C\/td\u003E\r\n\t\t\t\u003Ctd style=\u0022width: 1704px; padding: 10px;\u0022\u003E\r\n\t\t\t\u003Ch3 class=\u0022rtejustify\u0022\u003E\u003Cstrong\u003EHelen Mart\u00ednez\u003C\/strong\u003E\u003C\/h3\u003E\r\n\r\n\t\t\t\u003Cp class=\u0022rtejustify\u0022\u003EApasionada por ayudar y escuchar. Esposa, mam\u00e1 y amante del canto. Especialista en Seguridad y Salud en el Trabajo con 17 a\u00f1os en Uniandes.\u003C\/p\u003E\r\n\r\n\t\t\t\u003Cp class=\u0022rtejustify\u0022\u003E\u0026nbsp;\u003C\/p\u003E\r\n\r\n\t\t\t\u003Cp class=\u0022rtejustify\u0022\u003E\u003Cb\u003EAfrontando una perdida\u003C\/b\u003E\u0026nbsp;\u0026nbsp;\u003C\/p\u003E\r\n\r\n\t\t\t\u003Cul\u003E\r\n\t\t\t\t\u003Cli class=\u0022rtejustify\u0022\u003E27-10-2025\u0026nbsp;de 10:15\u0026nbsp;am. a 11:00 am.\u003C\/li\u003E\r\n\t\t\t\t\u003Cli class=\u0022rtejustify\u0022\u003E27-10-2025\u0026nbsp;de 11:00\u0026nbsp;am. a 12:00 m.\u003C\/li\u003E\r\n\t\t\t\u003C\/ul\u003E\r\n\r\n\t\t\t\u003Cp class=\u0022rtejustify\u0022\u003E\u003Cstrong\u003EUbicaci\u00f3n:\u003C\/strong\u003E Biblioteca General Ram\u00f3n de Zubir\u00eda -\u0026nbsp;piso 4 -\u0026nbsp;sala 452\u003C\/p\u003E\r\n\r\n\t\t\t\u003Cp class=\u0022rtejustify\u0022\u003E\u0026nbsp;\u003C\/p\u003E\r\n\r\n\t\t\t\u003Cp class=\u0022rtejustify\u0022\u003E\u003Cstrong\u003EMi paso por Uniandes\u003C\/strong\u003E:\u0026nbsp;\u0026nbsp;\u003C\/p\u003E\r\n\r\n\t\t\t\u003Cul\u003E\r\n\t\t\t\t\u003Cli\u003E27-10-2025\u0026nbsp;de 8:00\u0026nbsp;am. a 9:00 am.\u003C\/li\u003E\r\n\t\t\t\u003C\/ul\u003E\r\n\r\n\t\t\t\u003Cp\u003E\u003Cstrong\u003EUbicaci\u00f3n:\u003C\/strong\u003E\u0026nbsp;Biblioteca General Ram\u00f3n de Zubir\u00eda -\u0026nbsp;piso 4 -\u0026nbsp;sala 451\u003C\/p\u003E\r\n\r\n\t\t\t\u003Cp\u003E\u0026nbsp;\u003C\/p\u003E\r\n\r\n\t\t\t\u003Cp class=\u0022rtejustify\u0022\u003E\u003Cstrong\u003E\u003Cspan style=\u0022color:#FFFFFF;\u0022\u003E\u003Cspan style=\u0022background-color:#FF8C00;\u0022\u003E\u0026nbsp; Finalizado\u0026nbsp;\u0026nbsp;\u003C\/span\u003E\u003C\/span\u003E\u003C\/strong\u003E\u003C\/p\u003E\r\n\t\t\t\u003C\/td\u003E\r\n\t\t\u003C\/tr\u003E\r\n\t\u003C\/tbody\u003E\r\n\u003C\/table\u003E\r\n\r\n\u003Ctable border=\u00220\u0022 cellpadding=\u00221\u0022 cellspacing=\u00221\u0022 style=\u0022width:100%;margin:0;\u0022\u003E\r\n\t\u003Ctbody\u003E\r\n\t\t\u003Ctr\u003E\r\n\t\t\t\u003Ctd style=\u0022width: 731px;\u0022\u003E\u003Cimg alt=\u0022\u0022 height=\u0022315\u0022 src=\u0022\/sites\/default\/files\/tatjana_louis.png\u0022 style=\u0022float:left\u0022 width=\u0022315\u0022 \/\u003E\u003C\/td\u003E\r\n\t\t\t\u003Ctd style=\u0022width: 1704px; padding: 10px;\u0022\u003E\r\n\t\t\t\u003Ch3 class=\u0022rtejustify\u0022\u003E\u003Cstrong\u003ERetos de dictar y estudiar en CBU: \u003C\/strong\u003ETatjana Louis\u003C\/h3\u003E\r\n\r\n\t\t\t\u003Cp class=\u0022rtejustify\u0022\u003ETatjana Louis, profesora del Departamento de Lenguas y Cultura.\u0026nbsp;\u003Cbr \/\u003E\r\n\t\t\tSoy una profesora entusiasta, no solo, sino tambi\u00e9n de CBUs. Me interesa c\u00f3mo aprenden las personas, c\u00f3mo motivarlas incluso para temas que en un inicio tal vez no les parecen tan importantes y c\u00f3mo hacer del aprendizaje una experiencia significativa.\u003C\/p\u003E\r\n\r\n\t\t\t\u003Cp class=\u0022rtejustify\u0022\u003E\u0026nbsp;\u003C\/p\u003E\r\n\r\n\t\t\t\u003Cp class=\u0022rtejustify\u0022\u003E\u003Cstrong\u003EFechas disponibles para conversar\u003C\/strong\u003E:\u0026nbsp;\u003C\/p\u003E\r\n\r\n\t\t\t\u003Cul\u003E\r\n\t\t\t\t\u003Cli class=\u0022rtejustify\u0022\u003E28-10-2025\u0026nbsp;de 8:00\u0026nbsp;am. a 9:00 am.\u003C\/li\u003E\r\n\t\t\t\t\u003Cli class=\u0022rtejustify\u0022\u003E28-10-2025\u0026nbsp;de 9:00\u0026nbsp;am. a 10:00 am.\u003C\/li\u003E\r\n\t\t\t\t\u003Cli class=\u0022rtejustify\u0022\u003E29-10-2025\u0026nbsp;de 8:00\u0026nbsp;am. a 9:00 am.\u003C\/li\u003E\r\n\t\t\t\t\u003Cli class=\u0022rtejustify\u0022\u003E29-10-2025\u0026nbsp;de 9:00\u0026nbsp;am. a 10:00 am.\u003C\/li\u003E\r\n\t\t\t\u003C\/ul\u003E\r\n\r\n\t\t\t\u003Cp class=\u0022rtejustify\u0022\u003E\u003Cstrong\u003EUbicaci\u00f3n:\u003C\/strong\u003E Biblioteca General Ram\u00f3n de Zubir\u00eda -\u0026nbsp;piso 4 -\u0026nbsp;sala 451\u003C\/p\u003E\r\n\r\n\t\t\t\u003Cp class=\u0022rtejustify\u0022\u003E\u003Cstrong\u003E\u003Cspan style=\u0022color:#FFFFFF;\u0022\u003E\u003Cspan style=\u0022background-color:#FF8C00;\u0022\u003E\u0026nbsp; Finalizado\u0026nbsp;\u0026nbsp;\u003C\/span\u003E\u003C\/span\u003E\u003C\/strong\u003E\u003C\/p\u003E\r\n\t\t\t\u003C\/td\u003E\r\n\t\t\u003C\/tr\u003E\r\n\t\u003C\/tbody\u003E\r\n\u003C\/table\u003E\r\n\r\n\u003Ctable border=\u00220\u0022 cellpadding=\u00221\u0022 cellspacing=\u00221\u0022 style=\u0022width:100%;margin:0;\u0022\u003E\r\n\t\u003Ctbody\u003E\r\n\t\t\u003Ctr\u003E\r\n\t\t\t\u003Ctd style=\u0022width: 731px;\u0022\u003E\u003Cimg alt=\u0022\u0022 height=\u0022315\u0022 src=\u0022\/sites\/default\/files\/anaalvarez.png\u0022 style=\u0022float:left\u0022 width=\u0022315\u0022 \/\u003E\u003C\/td\u003E\r\n\t\t\t\u003Ctd style=\u0022width: 1704px; padding: 10px;\u0022\u003E\r\n\t\t\t\u003Ch3 class=\u0022rtejustify\u0022\u003E\u003Cstrong\u003EAna Carolina \u00c1lvarez Pe\u00f1uela\u200b\u003C\/strong\u003E\u003C\/h3\u003E\r\n\r\n\t\t\t\u003Cp class=\u0022rtejustify\u0022\u003EExperiencia de m\u00e1s de 20 a\u00f1os en SST. Apasionada por el dise\u00f1o e implementaci\u00f3n de iniciativas que promueven el bienestar institucional, aporto desde mi ser y quehacer a la construcci\u00f3n y consolidaci\u00f3n de nuestro campus seguro y saludable. Mi enfoque se centra en fortalecer la cultura del cuidado propio y colectivo.\u003C\/p\u003E\r\n\r\n\t\t\t\u003Cp class=\u0022rtejustify\u0022\u003E\u0026nbsp;\u003C\/p\u003E\r\n\r\n\t\t\t\u003Cp class=\u0022rtejustify\u0022\u003E\u003Cem\u003ELa Seguridad y Salud en el trabajo administrativo y acad\u00e9mico como una estrategia de cuidado mutuo, no solo normativa\u200b\u003C\/em\u003E\u003C\/p\u003E\r\n\r\n\t\t\t\u003Cp class=\u0022rtejustify\u0022\u003E\u003Cstrong\u003EFechas disponibles para conversar\u003C\/strong\u003E:\u0026nbsp;\u0026nbsp;\u003C\/p\u003E\r\n\r\n\t\t\t\u003Cul\u003E\r\n\t\t\t\t\u003Cli class=\u0022rtejustify\u0022\u003E28-10-2025\u0026nbsp;de 2:00\u0026nbsp;pm. a 3:00 pm.\u003C\/li\u003E\r\n\t\t\t\t\u003Cli class=\u0022rtejustify\u0022\u003E29-10-2025\u0026nbsp;de 9:00 am. a 10:00 am.\u003C\/li\u003E\r\n\t\t\t\t\u003Cli class=\u0022rtejustify\u0022\u003E30-10-2025\u0026nbsp;de 2:30\u0026nbsp;pm. a 3:30 pm.\u003C\/li\u003E\r\n\t\t\t\u003C\/ul\u003E\r\n\r\n\t\t\t\u003Cp class=\u0022rtejustify\u0022\u003E\u003Cstrong\u003EUbicaci\u00f3n:\u003C\/strong\u003E Biblioteca General Ram\u00f3n de Zubir\u00eda -\u0026nbsp;piso 4 -\u0026nbsp;sala 454\u003C\/p\u003E\r\n\r\n\t\t\t\u003Cp class=\u0022rtejustify\u0022\u003E\u003Cstrong\u003E\u003Cspan style=\u0022color:#FFFFFF;\u0022\u003E\u003Cspan style=\u0022background-color:#FF8C00;\u0022\u003EFinalizado\u0026nbsp;\u0026nbsp;\u003C\/span\u003E\u003C\/span\u003E\u003C\/strong\u003E\u003C\/p\u003E\r\n\t\t\t\u003C\/td\u003E\r\n\t\t\u003C\/tr\u003E\r\n\t\u003C\/tbody\u003E\r\n\u003C\/table\u003E\r\n\r\n\u003Ctable border=\u00220\u0022 cellpadding=\u00221\u0022 cellspacing=\u00221\u0022 style=\u0022width:100%;margin:0;\u0022\u003E\r\n\t\u003Ctbody\u003E\r\n\t\t\u003Ctr\u003E\r\n\t\t\t\u003Ctd style=\u0022width: 731px;\u0022\u003E\u003Cimg alt=\u0022\u0022 height=\u0022315\u0022 src=\u0022\/sites\/default\/files\/claudia.png\u0022 style=\u0022float:left\u0022 width=\u0022315\u0022 \/\u003E\u003C\/td\u003E\r\n\t\t\t\u003Ctd style=\u0022width: 1704px; padding: 10px;\u0022\u003E\r\n\t\t\t\u003Ch3 class=\u0022rtejustify\u0022\u003E\u003Cstrong\u003EClaudia Meza Botero\u003C\/strong\u003E\u003C\/h3\u003E\r\n\r\n\t\t\t\u003Cp class=\u0022rtejustify\u0022\u003ESoy viuda y me form\u00e9 como educadora en duelo para aprender a caminar con mis p\u00e9rdidas. Quiero poder servir, desde la empat\u00eda y la esperanza, a quienes transitan por el dolor profundo de sus propias despedidas.\u003C\/p\u003E\r\n\r\n\t\t\t\u003Cp class=\u0022rtejustify\u0022\u003E\u0026nbsp;\u003C\/p\u003E\r\n\r\n\t\t\t\u003Cp class=\u0022rtejustify\u0022\u003E\u003Cstrong\u003EFechas disponibles para conversar\u003C\/strong\u003E:\u0026nbsp;\u003C\/p\u003E\r\n\r\n\t\t\t\u003Cul\u003E\r\n\t\t\t\t\u003Cli class=\u0022rtejustify\u0022\u003E27-10-2025\u0026nbsp;de 3:00\u0026nbsp;pm. a 4:00 pm.\u003C\/li\u003E\r\n\t\t\t\t\u003Cli class=\u0022rtejustify\u0022\u003E29-10-2025\u0026nbsp;de 1:00\u0026nbsp;pm. a 2:00 pm.\u003C\/li\u003E\r\n\t\t\t\t\u003Cli class=\u0022rtejustify\u0022\u003E29-10-2025\u0026nbsp;de 3:00\u0026nbsp;pm. a 4:00 pm.\u003C\/li\u003E\r\n\t\t\t\t\u003Cli class=\u0022rtejustify\u0022\u003E30-10-2025\u0026nbsp;de 1:00\u0026nbsp;pm. a 2:00 pm.\u003C\/li\u003E\r\n\t\t\t\u003C\/ul\u003E\r\n\r\n\t\t\t\u003Cp class=\u0022rtejustify\u0022\u003E\u003Cstrong\u003EUbicaci\u00f3n:\u003C\/strong\u003E Biblioteca General Ram\u00f3n de Zubir\u00eda -\u0026nbsp;piso 4 -\u0026nbsp;sala 451\u003C\/p\u003E\r\n\r\n\t\t\t\u003Cp class=\u0022rtejustify\u0022\u003E\u003Cstrong\u003E\u003Cspan style=\u0022color:#FFFFFF;\u0022\u003E\u003Cspan style=\u0022background-color:#FF8C00;\u0022\u003EFinalizado\u0026nbsp;\u0026nbsp;\u003C\/span\u003E\u003C\/span\u003E\u003C\/strong\u003E\u003C\/p\u003E\r\n\t\t\t\u003C\/td\u003E\r\n\t\t\u003C\/tr\u003E\r\n\t\u003C\/tbody\u003E\r\n\u003C\/table\u003E\r\n\r\n\u003Ctable border=\u00220\u0022 cellpadding=\u00221\u0022 cellspacing=\u00221\u0022 style=\u0022width:100%;margin:0;\u0022\u003E\r\n\t\u003Ctbody\u003E\r\n\t\t\u003Ctr\u003E\r\n\t\t\t\u003Ctd style=\u0022width: 731px;\u0022\u003E\u003Cimg alt=\u0022\u0022 height=\u0022315\u0022 src=\u0022\/sites\/default\/files\/mauricio.png\u0022 style=\u0022float:left\u0022 width=\u0022315\u0022 \/\u003E\u003C\/td\u003E\r\n\t\t\t\u003Ctd style=\u0022width: 1704px; padding: 10px;\u0022\u003E\r\n\t\t\t\u003Ch3 class=\u0022rtejustify\u0022\u003E\u003Cstrong\u003EMauricio Olivera\u003C\/strong\u003E\u003C\/h3\u003E\r\n\r\n\t\t\t\u003Cp class=\u0022rtejustify\u0022\u003EVicerrector Administrativo y Financiero de Uniandes. Economista con m\u00e1ster y doctorado en curso en George Washington University. Ha liderado empresas e instituciones p\u00fablicas y privadas.\u003C\/p\u003E\r\n\r\n\t\t\t\u003Cp class=\u0022rtejustify\u0022\u003E\u0026nbsp;\u003C\/p\u003E\r\n\r\n\t\t\t\u003Cp class=\u0022rtejustify\u0022\u003E\u003Cstrong\u003EFechas disponibles para conversar\u003C\/strong\u003E:\u0026nbsp;\u003C\/p\u003E\r\n\r\n\t\t\t\u003Cul\u003E\r\n\t\t\t\t\u003Cli class=\u0022rtejustify\u0022\u003E31-10-2025\u0026nbsp;de 10:00 am. a 10:45 am.\u003C\/li\u003E\r\n\t\t\t\u003C\/ul\u003E\r\n\r\n\t\t\t\u003Cp class=\u0022rtejustify\u0022\u003E\u003Cstrong\u003EUbicaci\u00f3n:\u003C\/strong\u003E Biblioteca General Ram\u00f3n de Zubir\u00eda -\u0026nbsp;piso 4 -\u0026nbsp;sala 453\u003C\/p\u003E\r\n\r\n\t\t\t\u003Cp class=\u0022rtejustify\u0022\u003E\u003Cstrong\u003E\u0026nbsp;\u003Cspan style=\u0022color:#FFFFFF;\u0022\u003E\u003Cspan style=\u0022background-color:#FF8C00;\u0022\u003EFinalizado\u0026nbsp;\u0026nbsp;\u003C\/span\u003E\u003C\/span\u003E\u003C\/strong\u003E\u003C\/p\u003E\r\n\t\t\t\u003C\/td\u003E\r\n\t\t\u003C\/tr\u003E\r\n\t\u003C\/tbody\u003E\r\n\u003C\/table\u003E\r\n\r\n\u003Ctable border=\u00220\u0022 cellpadding=\u00221\u0022 cellspacing=\u00221\u0022 style=\u0022width:100%;margin:0;\u0022\u003E\r\n\t\u003Ctbody\u003E\r\n\t\t\u003Ctr\u003E\r\n\t\t\t\u003Ctd style=\u0022width: 731px;\u0022\u003E\u003Cimg alt=\u0022\u0022 height=\u0022315\u0022 src=\u0022\/sites\/default\/files\/mateo.png\u0022 style=\u0022float:left\u0022 width=\u0022315\u0022 \/\u003E\u003C\/td\u003E\r\n\t\t\t\u003Ctd style=\u0022width: 1704px; padding: 10px;\u0022\u003E\r\n\t\t\t\u003Ch3 class=\u0022rtejustify\u0022\u003E\u003Cstrong\u003EMateo Rodr\u00edguez Jaramillo\u003C\/strong\u003E\u003C\/h3\u003E\r\n\r\n\t\t\t\u003Cp class=\u0022rtejustify\u0022\u003EMe encanta la cultura, mi forma preferida de experimentarla es a trav\u00e9s del cine y me encanta hablar de ello, no me considero experto, pero s\u00ed alguien con buen conocimiento de cine.\u003C\/p\u003E\r\n\r\n\t\t\t\u003Cp class=\u0022rtejustify\u0022\u003E\u0026nbsp;\u003C\/p\u003E\r\n\r\n\t\t\t\u003Cp class=\u0022rtejustify\u0022\u003E\u003Cstrong\u003EFechas disponibles para conversar\u003C\/strong\u003E:\u0026nbsp;\u0026nbsp;\u003C\/p\u003E\r\n\r\n\t\t\t\u003Cul\u003E\r\n\t\t\t\t\u003Cli class=\u0022rtejustify\u0022\u003E27-10-2025\u0026nbsp;de 2:00\u0026nbsp;pm. a 3:00 pm.\u003C\/li\u003E\r\n\t\t\t\t\u003Cli class=\u0022rtejustify\u0022\u003E29-10-2025\u0026nbsp;de 2:00\u0026nbsp;pm. a 3:00 pm.\u003C\/li\u003E\r\n\t\t\t\t\u003Cli class=\u0022rtejustify\u0022\u003E31-10-2025\u0026nbsp;de 2:00\u0026nbsp;pm. a 3:00 pm.\u003C\/li\u003E\r\n\t\t\t\u003C\/ul\u003E\r\n\r\n\t\t\t\u003Cp class=\u0022rtejustify\u0022\u003E\u003Cstrong\u003EUbicaci\u00f3n:\u003C\/strong\u003E Biblioteca General Ram\u00f3n de Zubir\u00eda -\u0026nbsp;piso 4 -\u0026nbsp;sala 454\u003C\/p\u003E\r\n\r\n\t\t\t\u003Cp class=\u0022rtejustify\u0022\u003E\u003Cstrong\u003E\u003Cspan style=\u0022color:#FFFFFF;\u0022\u003E\u003Cspan style=\u0022background-color:#FF8C00;\u0022\u003EFinalizado\u0026nbsp;\u0026nbsp;\u003C\/span\u003E\u003C\/span\u003E\u003C\/strong\u003E\u003C\/p\u003E\r\n\t\t\t\u003C\/td\u003E\r\n\t\t\u003C\/tr\u003E\r\n\t\u003C\/tbody\u003E\r\n\u003C\/table\u003E\r\n\r\n\u003Ctable border=\u00220\u0022 cellpadding=\u00221\u0022 cellspacing=\u00221\u0022 style=\u0022width:100%;margin:0;\u0022\u003E\r\n\t\u003Ctbody\u003E\r\n\t\t\u003Ctr\u003E\r\n\t\t\t\u003Ctd style=\u0022width: 731px;\u0022\u003E\u003Cimg alt=\u0022\u0022 height=\u0022315\u0022 src=\u0022\/sites\/default\/files\/danieloswaldo1.png\u0022 style=\u0022float:left\u0022 width=\u0022315\u0022 \/\u003E\u003C\/td\u003E\r\n\t\t\t\u003Ctd style=\u0022width: 1704px; padding: 10px;\u0022\u003E\r\n\t\t\t\u003Ch3 class=\u0022rtejustify\u0022\u003E\u003Cstrong\u003EDaniel Oswaldo Angarita Caro\u003C\/strong\u003E\u003C\/h3\u003E\r\n\r\n\t\t\t\u003Cp class=\u0022rtejustify\u0022\u003EPsic\u00f3logo del Centro de Apoyo con maestr\u00eda en psicolog\u00eda cl\u00ednica. Desde mi labor como psic\u00f3logo y como hombre he explorado distintas formas de vivir la masculinidad, cuestionando estereotipos y abriendo espacios para reflexionar sobre c\u00f3mo esta ha marcado nuestras relaciones, emociones y decisiones. Hoy quiero que pensemos juntos lo que significa \u201cser hombre\u201d en una sociedad que est\u00e1 cambiando.\u003C\/p\u003E\r\n\r\n\t\t\t\u003Cp class=\u0022rtejustify\u0022\u003E\u0026nbsp;\u003C\/p\u003E\r\n\r\n\t\t\t\u003Cp class=\u0022rtejustify\u0022\u003E\u003Cstrong\u003EFechas disponibles para conversar\u003C\/strong\u003E:\u0026nbsp;\u003C\/p\u003E\r\n\r\n\t\t\t\u003Cul\u003E\u003C!-- li class=\u0022rtejustify\u0022\u003E30-10-2025\u0026nbsp;de 4:00 pm. a 5:00\u0026nbsp;pm.\u003C\/li --\u003E\r\n\t\t\t\t\u003Cli class=\u0022rtejustify\u0022\u003E31-10-2025\u0026nbsp;de 9:00 am. a 10:00\u0026nbsp;am.\u003C\/li\u003E\r\n\t\t\t\u003C\/ul\u003E\r\n\r\n\t\t\t\u003Cp class=\u0022rtejustify\u0022\u003E\u003Cstrong\u003EUbicaci\u00f3n:\u003C\/strong\u003E Biblioteca General Ram\u00f3n de Zubir\u00eda -\u0026nbsp;piso 4 -\u0026nbsp;sala 454\u003C\/p\u003E\r\n\r\n\t\t\t\u003Cp class=\u0022rtejustify\u0022\u003E\u003Cstrong\u003E\u0026nbsp;\u003Cspan style=\u0022color:#FFFFFF;\u0022\u003E\u003Cspan style=\u0022background-color:#FF8C00;\u0022\u003EFinalizado\u0026nbsp;\u0026nbsp;\u003C\/span\u003E\u003C\/span\u003E\u003C\/strong\u003E\u003C\/p\u003E\r\n\t\t\t\u003C\/td\u003E\r\n\t\t\u003C\/tr\u003E\r\n\t\u003C\/tbody\u003E\r\n\u003C\/table\u003E\r\n\r\n\u003Ctable border=\u00220\u0022 cellpadding=\u00221\u0022 cellspacing=\u00221\u0022 style=\u0022width:100%;margin:0;\u0022\u003E\r\n\t\u003Ctbody\u003E\r\n\t\t\u003Ctr\u003E\r\n\t\t\t\u003Ctd style=\u0022width: 731px;\u0022\u003E\u003Cimg alt=\u0022\u0022 height=\u0022315\u0022 src=\u0022\/sites\/default\/files\/carlos_0.png\u0022 style=\u0022float:left\u0022 width=\u0022315\u0022 \/\u003E\u003C\/td\u003E\r\n\t\t\t\u003Ctd style=\u0022width: 1704px; padding: 10px;\u0022\u003E\r\n\t\t\t\u003Ch3 class=\u0022rtejustify\u0022\u003E\u003Cstrong\u003ECarlos Humberto Fern\u00e1ndez\u003C\/strong\u003E\u003C\/h3\u003E\r\n\r\n\t\t\t\u003Cp class=\u0022rtejustify\u0022\u003EIngeniero y escritor uniandino apasionado por el mindfulness, la poes\u00eda y la paz. Autor de Child Mind y la Rosa Blanca, promueve palabras positivas por la paz.\u0026nbsp;\u003C\/p\u003E\r\n\r\n\t\t\t\u003Cp class=\u0022rtejustify\u0022\u003E\u0026nbsp;\u003C\/p\u003E\r\n\r\n\t\t\t\u003Cp class=\u0022rtejustify\u0022\u003E\u003Cem\u003E\u003Cstrong\u003EC\u00f3mo la escritura puede transformar vidas: Escritura meditativa y humanista para sembrar.\u003C\/strong\u003E\u003C\/em\u003E\u003C\/p\u003E\r\n\r\n\t\t\t\u003Cp class=\u0022rtejustify\u0022\u003E\u003Cstrong\u003EFechas disponibles para conversar\u003C\/strong\u003E:\u0026nbsp;\u003C\/p\u003E\r\n\r\n\t\t\t\u003Cul\u003E\r\n\t\t\t\t\u003Cli class=\u0022rtejustify\u0022\u003E31-10-2025\u0026nbsp;de 8:00 am. a 9:00 am.\u003C\/li\u003E\r\n\t\t\t\t\u003Cli class=\u0022rtejustify\u0022\u003E31-10-2025\u0026nbsp;de 9:00 am. a 10:00 am.\u003C\/li\u003E\r\n\t\t\t\t\u003Cli class=\u0022rtejustify\u0022\u003E31-10-2025\u0026nbsp;de 10:00 am. a 11:00 am.\u003C\/li\u003E\r\n\t\t\t\t\u003Cli class=\u0022rtejustify\u0022\u003E31-10-2025\u0026nbsp;de 11:00 am. a 12:00 m.\u003C\/li\u003E\r\n\t\t\t\u003C\/ul\u003E\r\n\r\n\t\t\t\u003Cp class=\u0022rtejustify\u0022\u003E\u003Cstrong\u003EUbicaci\u00f3n:\u003C\/strong\u003E Biblioteca General Ram\u00f3n de Zubir\u00eda -\u0026nbsp;piso 4 -\u0026nbsp;sala 451\u003C\/p\u003E\r\n\r\n\t\t\t\u003Cp class=\u0022rtejustify\u0022\u003E\u003Cstrong\u003E\u003Cspan style=\u0022color:#FFFFFF;\u0022\u003E\u003Cspan style=\u0022background-color:#FF8C00;\u0022\u003EFinalizado\u0026nbsp;\u0026nbsp;\u003C\/span\u003E\u003C\/span\u003E\u003C\/strong\u003E\u003C\/p\u003E\r\n\t\t\t\u003C\/td\u003E\r\n\t\t\u003C\/tr\u003E\r\n\t\u003C\/tbody\u003E\r\n\u003C\/table\u003E\r\n\u003C\/section\u003E","settings":null}]